{"id":6203,"date":"2026-03-22T07:10:09","date_gmt":"2026-03-22T06:10:09","guid":{"rendered":"https:\/\/kapelo.net\/?page_id=6203"},"modified":"2026-03-27T22:53:14","modified_gmt":"2026-03-27T21:53:14","slug":"aa_-des-documents","status":"publish","type":"page","link":"https:\/\/kapelo.net\/index.php\/aa_-des-documents\/","title":{"rendered":"EMBUSCADE DE LAID L&#8217;OISEAU"},"content":{"rendered":"\n<div class=\"wp-block-uagb-container uagb-block-7557de95 alignfull uagb-is-root-container\"><div class=\"uagb-container-inner-blocks-wrap\">\n<div class=\"wp-block-stackable-text stk-block-text stk-block stk-6e6d7d9\" data-block-id=\"6e6d7d9\"><style>.stk-6e6d7d9 {margin-bottom:23px !important;}.stk-6e6d7d9 .stk-block-text__text{font-size:24px !important;}@media screen and (max-width: 1023px){.stk-6e6d7d9 .stk-block-text__text{font-size:24px !important;}}<\/style><p class=\"stk-block-text__text\"><strong>R\u00c9CIT DE L&#8217;EMBUSCADE DE LAID L&#8217;OISEAU \u00c9CRIT par FRAN\u00c7OIS SIMON R\u00c9SISTANT  <\/strong>(1)<\/p><\/div>\n\n\n\n<p class=\"wp-block-paragraph\"><em><strong>(1) Contribution \u00e0 l\u2019histoire de l\u2019arm\u00e9e secr\u00e8te &#8211; Alfred Dubru &#8211; Arlon- 1984 &#8211; pp 63-64.<\/strong><\/em><\/p>\n\n\n\n<p class=\"wp-block-paragraph\"><em>\u00ab&nbsp;Nous sommes install\u00e9s dans une ferme isol\u00e9e en plein c\u0153ur du Bois de Harre&nbsp;; celle-ci est au lieu-dit L\u2019heid l\u2019oiseau (sic). Tous les hommes valides sont partis en mission pour attaquer les convois allemands qui battent en retraite. Vu mes r\u00e9centes blessures, je suis rest\u00e9 au cantonnement avec deux camarades pour prot\u00e9ger les infirmi\u00e8res qui sont avec nous.<\/em><\/p>\n\n\n\n<p class=\"wp-block-paragraph\"><em>Dans l\u2019apr\u00e8s-midi, la sentinelle nous signale plusieurs hommes sur le chemin menant \u00e0 la ferme mais il ne nous est possible de les distinguer, vu leur \u00e9loignement&nbsp;; cependant leur allure me para\u00eet louche car ils avancent assez lentement. Soudain des coups de feu claquent autour de la ferme que nous occupons&nbsp;; celle-ci est cern\u00e9e par 40 \u00e0 50 SS (force que j\u2019ai pu d\u00e9nombrer par apr\u00e8s). Notre situation est d\u00e9sesp\u00e9r\u00e9e&nbsp;; les infirmi\u00e8res sont affol\u00e9es. Sortant avec mon camarade Joniaux Jean, nous fon\u00e7ons en direction du bois, tirant des rafales de mitraillettes sur deux SS qui tentent de nous barrer le chemin. Les Allemands, ne s\u2019attendant pas \u00e0 une riposte aussi vive, se couchent, ce qui nous fait gagner du temps&nbsp;; nous continuons \u00e0 tirer, ainsi nos infirmi\u00e8res peuvent se faufiler vers le petit sentier conduisant droit au bois qui se trouve \u00e0 courte distance.<\/em><\/p>\n\n\n\n<p class=\"wp-block-paragraph\"><em>Les boches recommencent \u00e0 tirer mais cette fois avec une violence inou\u00efe. Nous nous demandons si nous pourrons d\u00e9crocher. Nous tirons sans arr\u00eat, chargeur sur chargeur&nbsp;; nous d\u00e9chargeons nos armes sur les plus t\u00e9m\u00e9raires des assaillants. Sur le sentier de retraite, nous buttons sur les corps des deux SS qui ont voulu nous arr\u00eater&nbsp;: ce sont un sous-lieutenant SS et un soldat (curieuse co\u00efncidence, j\u2019ai appris par apr\u00e8s que ces deux boches \u00e9taient fr\u00e8res). Nous parvenons enfin \u00e0 gagner le bois (de Harre- ndlr) o\u00f9 nous rejoignons les infirmi\u00e8res. L\u00e0, les Allemands ne nous suivent pas mais ils installent des mitrailleuses et nous canardent sans rel\u00e2che. Ils incendient ensuite la ferme. Nous passons une nuit horrible. Le jour arrive enfin&nbsp;; nous d\u00e9cidons de rejoindre le gros de nos forces qui se trouvent \u00e0 quelques km de l\u00e0, au village de Petite-Hoursinne. Eux aussi ont eu une chaude alerte&nbsp;: des blind\u00e9s allemands ont pass\u00e9 la nuit dans les environs, ayant pour mission de les attaquer \u00e0 l\u2019aube mais la perte de leur officier a eu pour r\u00e9sultat de les faire d\u00e9guerpir au plus vite.&nbsp;\u00bb<\/em><\/p>\n<\/div><\/div>\n\n\n\n<div class=\"wp-block-uagb-container uagb-block-a4fef739 alignfull uagb-is-root-container\"><div class=\"uagb-container-inner-blocks-wrap\">\n<p class=\"wp-block-paragraph\">COPIE DE CERTAINES PAGES  DE LA RELATION DES FAITS  \u00c9CRITE PAR &#8220;JEAN-FRAN\u00c7OIS&#8221; ALIAS. Nom inconnu pour le moment d&#8217;apr\u00e8s nos recherches.<\/p>\n<\/div><\/div>\n\n\n\n<div class=\"wp-block-uagb-container uagb-block-ecdf950a alignfull uagb-is-root-container\"><div class=\"uagb-container-inner-blocks-wrap\"><div id=\"envira-gallery-wrap-6501\" class=\"envira-gallery-wrap envira-lazy-loading-enabled envira-layout-automatic\" itemscope itemtype=\"https:\/\/schema.org\/ImageGallery\"><div class=\"envira-loader\"><div><\/div><div><\/div><div><\/div><div><\/div><\/div><div id=\"envira-gallery-6501\" class=\"envira-gallery-public envira-gallery-0-columns envira-clear envira-gallery-justified-public\" data-envira-id=\"6501\" data-gallery-config='{\"type\":\"default\",\"columns\":\"0\",\"gallery_theme\":\"base\",\"crop_width\":150,\"crop_height\":100,\"crop\":0,\"justified_margins\":10,\"lazy_loading\":1,\"lazy_loading_delay\":500,\"gutter\":10,\"margin\":10,\"image_size\":\"1536x1536\",\"justified_row_height\":150,\"lightbox_enabled\":1,\"gallery_link_enabled\":0,\"lightbox_theme\":\"base\",\"lightbox_image_size\":\"2048x2048\",\"title_display\":\"inside\",\"classes\":[\"\"],\"rtl\":0,\"title\":\"\",\"slug\":\"documents_-laforge\",\"layout\":\"automatic\",\"justified_last_row\":\"nojustify\",\"gutter_mobile\":10,\"square_size\":300,\"crop_position\":\"c\",\"show_more_text\":\"Click for more\",\"additional_copy_0\":0,\"additional_copy_title\":0,\"additional_copy_caption\":0,\"additional_copy_title_caption\":0,\"additional_copy_0_mobile\":0,\"additional_copy_title_mobile\":0,\"additional_copy_caption_mobile\":0,\"additional_copy_title_caption_mobile\":0,\"gallery_column_title_caption\":\"caption\",\"gallery_column_title_caption_mobile\":\"0\",\"additional_copy_automatic_0\":0,\"additional_copy_automatic_title\":0,\"additional_copy_automatic_caption\":0,\"additional_copy_automatic_title_caption\":0,\"additional_copy_automatic_0_mobile\":0,\"additional_copy_automatic_title_mobile\":0,\"additional_copy_automatic_caption_mobile\":0,\"additional_copy_automatic_title_caption_mobile\":0,\"gallery_automatic_title_caption\":\"0\",\"gallery_automatic_title_caption_mobile\":\"0\",\"description_position\":\"0\",\"description\":\"\",\"random\":\"0\",\"sort_order\":\"0\",\"sorting_direction\":\"ASC\",\"image_sizes_random\":[],\"isotope\":0,\"lightbox_title_caption\":\"caption\",\"arrows\":1,\"arrows_position\":\"inside\",\"toolbar\":1,\"toolbar_title\":0,\"toolbar_position\":\"top\",\"loop\":1,\"lightbox_open_close_effect\":\"fade\",\"effect\":\"zoom-in-out\",\"supersize\":1,\"thumbnails_toggle\":0,\"thumbnails_hide\":0,\"image_counter\":0,\"lightbox_html_caption\":1,\"thumbnails\":0,\"thumbnails_width\":20,\"thumbnails_height\":16,\"thumbnails_position\":\"bottom\",\"thumbnails_custom_size\":1,\"mobile\":1,\"mobile_width\":320,\"mobile_height\":240,\"mobile_lightbox\":1,\"mobile_gallery_link_enabled\":0,\"mobile_arrows\":1,\"mobile_toolbar\":1,\"mobile_thumbnails\":1,\"mobile_touchwipe_close\":0,\"mobile_thumbnails_width\":75,\"mobile_thumbnails_height\":240,\"mobile_justified_row_height\":80,\"keyboard\":true,\"standalone_template\":\"\",\"slideshow\":0,\"autoplay\":1,\"slideshow_hover\":1,\"ss_speed\":10000,\"gallery_id\":\"6501\"}' data-gallery-images='[{\"status\":\"active\",\"src\":\"https:\\\/\\\/kapelo.net\\\/wp-content\\\/uploads\\\/2026\\\/03\\\/Jean-Francois-Laid-Loiseau-1-1-2048x1489.jpg\",\"title\":\"Jean Franc\u0327ois &amp;#8211; Laid Loiseau 1\",\"link\":\"https:\\\/\\\/kapelo.net\\\/wp-content\\\/uploads\\\/2026\\\/03\\\/Jean-Francois-Laid-Loiseau-1-1.jpg\",\"alt\":\"\",\"caption\":\"&lt;ul&gt;PAGE DE GARDE DE L&#39;&Eacute;DITION DES NOTES DE JEAN-FRAN&Ccedil;OIS DU GROUPE BYL.POUR LE PIRE ET LE MEILLEUR.CACHET DU COMMANDANT BYL, ALIAS POUR ARMAND COLLARD DE CHAMP DE HARRE. IL A &Eacute;T&Eacute; ARR&Ecirc;T&Eacute; EN 44, FUSILL&Eacute; &Agrave; LA CITADELLE DE LI&Egrave;GE SANS AVOIR PARLER.&lt;\\\/ul&gt;\\n\\n\\n\",\"thumb\":\"https:\\\/\\\/kapelo.net\\\/wp-content\\\/uploads\\\/2026\\\/03\\\/Jean-Francois-Laid-Loiseau-1-1-2048x1489-20x16_c.jpg\",\"meta\":{\"aperture\":null,\"credit\":null,\"camera\":null,\"caption\":\"\",\"created_timestamp\":null,\"copyright\":null,\"focal_length\":null,\"iso\":null,\"shutter_speed\":null,\"title\":\"\",\"orientation\":null,\"keywords\":null,\"resized_images\":null},\"thumbnail\":\"https:\\\/\\\/kapelo.net\\\/wp-content\\\/uploads\\\/2026\\\/03\\\/Jean-Francois-Laid-Loiseau-1-1-150x150.jpg\",\"medium\":\"https:\\\/\\\/kapelo.net\\\/wp-content\\\/uploads\\\/2026\\\/03\\\/Jean-Francois-Laid-Loiseau-1-1-300x218.jpg\",\"medium_large\":\"https:\\\/\\\/kapelo.net\\\/wp-content\\\/uploads\\\/2026\\\/03\\\/Jean-Francois-Laid-Loiseau-1-1-768x558.jpg\",\"large\":\"https:\\\/\\\/kapelo.net\\\/wp-content\\\/uploads\\\/2026\\\/03\\\/Jean-Francois-Laid-Loiseau-1-1-1024x745.jpg\",\"1536x1536\":\"https:\\\/\\\/kapelo.net\\\/wp-content\\\/uploads\\\/2026\\\/03\\\/Jean-Francois-Laid-Loiseau-1-1-1536x1117.jpg\",\"2048x2048\":\"https:\\\/\\\/kapelo.net\\\/wp-content\\\/uploads\\\/2026\\\/03\\\/Jean-Francois-Laid-Loiseau-1-1-2048x1489.jpg\",\"neve-blog\":\"https:\\\/\\\/kapelo.net\\\/wp-content\\\/uploads\\\/2026\\\/03\\\/Jean-Francois-Laid-Loiseau-1-1-930x620.jpg\",\"full\":\"https:\\\/\\\/kapelo.net\\\/wp-content\\\/uploads\\\/2026\\\/03\\\/Jean-Francois-Laid-Loiseau-1-1.jpg\",\"index\":0,\"id\":6300,\"video\":false,\"opts\":{\"caption\":\"&lt;ul&gt;PAGE DE GARDE DE L&#39;&Eacute;DITION DES NOTES DE JEAN-FRAN&Ccedil;OIS DU GROUPE BYL.POUR LE PIRE ET LE MEILLEUR.CACHET DU COMMANDANT BYL, ALIAS POUR ARMAND COLLARD DE CHAMP DE HARRE. IL A &Eacute;T&Eacute; ARR&Ecirc;T&Eacute; EN 44, FUSILL&Eacute; &Agrave; LA CITADELLE DE LI&Egrave;GE SANS AVOIR PARLER.&lt;\\\/ul&gt;\\n\\n\\n\",\"thumb\":\"https:\\\/\\\/kapelo.net\\\/wp-content\\\/uploads\\\/2026\\\/03\\\/Jean-Francois-Laid-Loiseau-1-1-2048x1489-20x16_c.jpg\",\"title\":\"Jean Franc\u0327ois &amp;#8211; Laid Loiseau 1\"},\"gallery_id\":\"6501\"},{\"status\":\"active\",\"src\":\"https:\\\/\\\/kapelo.net\\\/wp-content\\\/uploads\\\/2026\\\/03\\\/Jean-Francois-Laid-Loiseau-2-2048x1489.jpg\",\"title\":\"Jean Franc\u0327ois- Laid Loiseau 2\",\"link\":\"https:\\\/\\\/kapelo.net\\\/wp-content\\\/uploads\\\/2026\\\/03\\\/Jean-Francois-Laid-Loiseau-2.jpg\",\"alt\":\"\",\"caption\":\"&lt;ul&gt;UNE PAGE DOUBLE AVEC LE PLAN DE L&#39;ENGAGEMENT &Agrave; LAID L&#39;OISEA\\n\",\"thumb\":\"https:\\\/\\\/kapelo.net\\\/wp-content\\\/uploads\\\/2026\\\/03\\\/Jean-Francois-Laid-Loiseau-2-2048x1489-20x16_c.jpg\",\"meta\":{\"aperture\":null,\"credit\":null,\"camera\":null,\"caption\":\"\",\"created_timestamp\":null,\"copyright\":null,\"focal_length\":null,\"iso\":null,\"shutter_speed\":null,\"title\":\"\",\"orientation\":null,\"keywords\":null,\"resized_images\":null},\"thumbnail\":\"https:\\\/\\\/kapelo.net\\\/wp-content\\\/uploads\\\/2026\\\/03\\\/Jean-Francois-Laid-Loiseau-2-150x150.jpg\",\"medium\":\"https:\\\/\\\/kapelo.net\\\/wp-content\\\/uploads\\\/2026\\\/03\\\/Jean-Francois-Laid-Loiseau-2-300x218.jpg\",\"medium_large\":\"https:\\\/\\\/kapelo.net\\\/wp-content\\\/uploads\\\/2026\\\/03\\\/Jean-Francois-Laid-Loiseau-2-768x558.jpg\",\"large\":\"https:\\\/\\\/kapelo.net\\\/wp-content\\\/uploads\\\/2026\\\/03\\\/Jean-Francois-Laid-Loiseau-2-1024x745.jpg\",\"1536x1536\":\"https:\\\/\\\/kapelo.net\\\/wp-content\\\/uploads\\\/2026\\\/03\\\/Jean-Francois-Laid-Loiseau-2-1536x1117.jpg\",\"2048x2048\":\"https:\\\/\\\/kapelo.net\\\/wp-content\\\/uploads\\\/2026\\\/03\\\/Jean-Francois-Laid-Loiseau-2-2048x1489.jpg\",\"neve-blog\":\"https:\\\/\\\/kapelo.net\\\/wp-content\\\/uploads\\\/2026\\\/03\\\/Jean-Francois-Laid-Loiseau-2-930x620.jpg\",\"full\":\"https:\\\/\\\/kapelo.net\\\/wp-content\\\/uploads\\\/2026\\\/03\\\/Jean-Francois-Laid-Loiseau-2.jpg\",\"index\":1,\"id\":6305,\"video\":false,\"opts\":{\"caption\":\"&lt;ul&gt;UNE PAGE DOUBLE AVEC LE PLAN DE L&#39;ENGAGEMENT &Agrave; LAID L&#39;OISEA\\n\",\"thumb\":\"https:\\\/\\\/kapelo.net\\\/wp-content\\\/uploads\\\/2026\\\/03\\\/Jean-Francois-Laid-Loiseau-2-2048x1489-20x16_c.jpg\",\"title\":\"Jean Franc\u0327ois- Laid Loiseau 2\"},\"gallery_id\":\"6501\"},{\"status\":\"active\",\"src\":\"https:\\\/\\\/kapelo.net\\\/wp-content\\\/uploads\\\/2026\\\/03\\\/plan-LAID-LOISEAU-legende-1.jpg\",\"title\":\"plan LAID L&amp;#8217;OISEAU + le\u0301gende\",\"link\":\"https:\\\/\\\/kapelo.net\\\/wp-content\\\/uploads\\\/2026\\\/03\\\/plan-LAID-LOISEAU-legende-1.jpg\",\"alt\":\"\",\"caption\":false,\"thumb\":\"https:\\\/\\\/kapelo.net\\\/wp-content\\\/uploads\\\/2026\\\/03\\\/plan-LAID-LOISEAU-legende-1-20x16_c.jpg\",\"meta\":{\"aperture\":null,\"credit\":null,\"camera\":null,\"caption\":\"\",\"created_timestamp\":null,\"copyright\":null,\"focal_length\":null,\"iso\":null,\"shutter_speed\":null,\"title\":\"plan LAID L&&#163;39;OISEAU + le\u0301gende\",\"orientation\":\"1\",\"keywords\":null,\"resized_images\":null},\"thumbnail\":\"https:\\\/\\\/kapelo.net\\\/wp-content\\\/uploads\\\/2026\\\/03\\\/plan-LAID-LOISEAU-legende-1-150x150.jpg\",\"medium\":\"https:\\\/\\\/kapelo.net\\\/wp-content\\\/uploads\\\/2026\\\/03\\\/plan-LAID-LOISEAU-legende-1-300x212.jpg\",\"medium_large\":\"https:\\\/\\\/kapelo.net\\\/wp-content\\\/uploads\\\/2026\\\/03\\\/plan-LAID-LOISEAU-legende-1-768x543.jpg\",\"large\":\"https:\\\/\\\/kapelo.net\\\/wp-content\\\/uploads\\\/2026\\\/03\\\/plan-LAID-LOISEAU-legende-1-1024x724.jpg\",\"1536x1536\":\"https:\\\/\\\/kapelo.net\\\/wp-content\\\/uploads\\\/2026\\\/03\\\/plan-LAID-LOISEAU-legende-1.jpg\",\"2048x2048\":\"https:\\\/\\\/kapelo.net\\\/wp-content\\\/uploads\\\/2026\\\/03\\\/plan-LAID-LOISEAU-legende-1.jpg\",\"neve-blog\":\"https:\\\/\\\/kapelo.net\\\/wp-content\\\/uploads\\\/2026\\\/03\\\/plan-LAID-LOISEAU-legende-1-930x620.jpg\",\"full\":\"https:\\\/\\\/kapelo.net\\\/wp-content\\\/uploads\\\/2026\\\/03\\\/plan-LAID-LOISEAU-legende-1.jpg\",\"index\":2,\"id\":6473,\"video\":false,\"opts\":{\"caption\":\"\",\"thumb\":\"https:\\\/\\\/kapelo.net\\\/wp-content\\\/uploads\\\/2026\\\/03\\\/plan-LAID-LOISEAU-legende-1-20x16_c.jpg\",\"title\":\"plan LAID L&amp;#8217;OISEAU + le\u0301gende\"},\"gallery_id\":\"6501\"},{\"status\":\"active\",\"src\":\"https:\\\/\\\/kapelo.net\\\/wp-content\\\/uploads\\\/2026\\\/03\\\/Jean-Francois-Laid-Loiseau-3-2048x1489.jpg\",\"title\":\"Jean Franc\u0327ois- Laid Loiseau 3\",\"link\":\"https:\\\/\\\/kapelo.net\\\/wp-content\\\/uploads\\\/2026\\\/03\\\/Jean-Francois-Laid-Loiseau-3.jpg\",\"alt\":\"\",\"caption\":false,\"thumb\":\"https:\\\/\\\/kapelo.net\\\/wp-content\\\/uploads\\\/2026\\\/03\\\/Jean-Francois-Laid-Loiseau-3-2048x1489-20x16_c.jpg\",\"meta\":{\"aperture\":null,\"credit\":null,\"camera\":null,\"caption\":\"\",\"created_timestamp\":null,\"copyright\":null,\"focal_length\":null,\"iso\":null,\"shutter_speed\":null,\"title\":\"\",\"orientation\":null,\"keywords\":null,\"resized_images\":null},\"thumbnail\":\"https:\\\/\\\/kapelo.net\\\/wp-content\\\/uploads\\\/2026\\\/03\\\/Jean-Francois-Laid-Loiseau-3-150x150.jpg\",\"medium\":\"https:\\\/\\\/kapelo.net\\\/wp-content\\\/uploads\\\/2026\\\/03\\\/Jean-Francois-Laid-Loiseau-3-300x218.jpg\",\"medium_large\":\"https:\\\/\\\/kapelo.net\\\/wp-content\\\/uploads\\\/2026\\\/03\\\/Jean-Francois-Laid-Loiseau-3-768x558.jpg\",\"large\":\"https:\\\/\\\/kapelo.net\\\/wp-content\\\/uploads\\\/2026\\\/03\\\/Jean-Francois-Laid-Loiseau-3-1024x745.jpg\",\"1536x1536\":\"https:\\\/\\\/kapelo.net\\\/wp-content\\\/uploads\\\/2026\\\/03\\\/Jean-Francois-Laid-Loiseau-3-1536x1117.jpg\",\"2048x2048\":\"https:\\\/\\\/kapelo.net\\\/wp-content\\\/uploads\\\/2026\\\/03\\\/Jean-Francois-Laid-Loiseau-3-2048x1489.jpg\",\"neve-blog\":\"https:\\\/\\\/kapelo.net\\\/wp-content\\\/uploads\\\/2026\\\/03\\\/Jean-Francois-Laid-Loiseau-3-930x620.jpg\",\"full\":\"https:\\\/\\\/kapelo.net\\\/wp-content\\\/uploads\\\/2026\\\/03\\\/Jean-Francois-Laid-Loiseau-3.jpg\",\"index\":3,\"id\":6474,\"video\":false,\"opts\":{\"caption\":\"\",\"thumb\":\"https:\\\/\\\/kapelo.net\\\/wp-content\\\/uploads\\\/2026\\\/03\\\/Jean-Francois-Laid-Loiseau-3-2048x1489-20x16_c.jpg\",\"title\":\"Jean Franc\u0327ois- Laid Loiseau 3\"},\"gallery_id\":\"6501\"},{\"status\":\"active\",\"src\":\"https:\\\/\\\/kapelo.net\\\/wp-content\\\/uploads\\\/2026\\\/03\\\/Jean-Francois-Laid-loiseau-4-2048x1489.jpg\",\"title\":\"Jean Franc\u0327ois- Laid loiseau 4\",\"link\":\"https:\\\/\\\/kapelo.net\\\/wp-content\\\/uploads\\\/2026\\\/03\\\/Jean-Francois-Laid-loiseau-4.jpg\",\"alt\":\"\",\"caption\":false,\"thumb\":\"https:\\\/\\\/kapelo.net\\\/wp-content\\\/uploads\\\/2026\\\/03\\\/Jean-Francois-Laid-loiseau-4-2048x1489-20x16_c.jpg\",\"meta\":{\"aperture\":null,\"credit\":null,\"camera\":null,\"caption\":\"\",\"created_timestamp\":null,\"copyright\":null,\"focal_length\":null,\"iso\":null,\"shutter_speed\":null,\"title\":\"\",\"orientation\":null,\"keywords\":null,\"resized_images\":null},\"thumbnail\":\"https:\\\/\\\/kapelo.net\\\/wp-content\\\/uploads\\\/2026\\\/03\\\/Jean-Francois-Laid-loiseau-4-150x150.jpg\",\"medium\":\"https:\\\/\\\/kapelo.net\\\/wp-content\\\/uploads\\\/2026\\\/03\\\/Jean-Francois-Laid-loiseau-4-300x218.jpg\",\"medium_large\":\"https:\\\/\\\/kapelo.net\\\/wp-content\\\/uploads\\\/2026\\\/03\\\/Jean-Francois-Laid-loiseau-4-768x558.jpg\",\"large\":\"https:\\\/\\\/kapelo.net\\\/wp-content\\\/uploads\\\/2026\\\/03\\\/Jean-Francois-Laid-loiseau-4-1024x745.jpg\",\"1536x1536\":\"https:\\\/\\\/kapelo.net\\\/wp-content\\\/uploads\\\/2026\\\/03\\\/Jean-Francois-Laid-loiseau-4-1536x1117.jpg\",\"2048x2048\":\"https:\\\/\\\/kapelo.net\\\/wp-content\\\/uploads\\\/2026\\\/03\\\/Jean-Francois-Laid-loiseau-4-2048x1489.jpg\",\"neve-blog\":\"https:\\\/\\\/kapelo.net\\\/wp-content\\\/uploads\\\/2026\\\/03\\\/Jean-Francois-Laid-loiseau-4-930x620.jpg\",\"full\":\"https:\\\/\\\/kapelo.net\\\/wp-content\\\/uploads\\\/2026\\\/03\\\/Jean-Francois-Laid-loiseau-4.jpg\",\"index\":4,\"id\":6475,\"video\":false,\"opts\":{\"caption\":\"\",\"thumb\":\"https:\\\/\\\/kapelo.net\\\/wp-content\\\/uploads\\\/2026\\\/03\\\/Jean-Francois-Laid-loiseau-4-2048x1489-20x16_c.jpg\",\"title\":\"Jean Franc\u0327ois- Laid loiseau 4\"},\"gallery_id\":\"6501\"},{\"status\":\"active\",\"src\":\"https:\\\/\\\/kapelo.net\\\/wp-content\\\/uploads\\\/2026\\\/03\\\/Jean-Francois-Laid-Loiseau-5-2048x1489.jpg\",\"title\":\"Jean Franc\u0327ois- Laid Loiseau 5\",\"link\":\"https:\\\/\\\/kapelo.net\\\/wp-content\\\/uploads\\\/2026\\\/03\\\/Jean-Francois-Laid-Loiseau-5.jpg\",\"alt\":\"\",\"caption\":false,\"thumb\":\"https:\\\/\\\/kapelo.net\\\/wp-content\\\/uploads\\\/2026\\\/03\\\/Jean-Francois-Laid-Loiseau-5-2048x1489-20x16_c.jpg\",\"meta\":{\"aperture\":null,\"credit\":null,\"camera\":null,\"caption\":\"\",\"created_timestamp\":null,\"copyright\":null,\"focal_length\":null,\"iso\":null,\"shutter_speed\":null,\"title\":\"\",\"orientation\":null,\"keywords\":null,\"resized_images\":null},\"thumbnail\":\"https:\\\/\\\/kapelo.net\\\/wp-content\\\/uploads\\\/2026\\\/03\\\/Jean-Francois-Laid-Loiseau-5-150x150.jpg\",\"medium\":\"https:\\\/\\\/kapelo.net\\\/wp-content\\\/uploads\\\/2026\\\/03\\\/Jean-Francois-Laid-Loiseau-5-300x218.jpg\",\"medium_large\":\"https:\\\/\\\/kapelo.net\\\/wp-content\\\/uploads\\\/2026\\\/03\\\/Jean-Francois-Laid-Loiseau-5-768x558.jpg\",\"large\":\"https:\\\/\\\/kapelo.net\\\/wp-content\\\/uploads\\\/2026\\\/03\\\/Jean-Francois-Laid-Loiseau-5-1024x745.jpg\",\"1536x1536\":\"https:\\\/\\\/kapelo.net\\\/wp-content\\\/uploads\\\/2026\\\/03\\\/Jean-Francois-Laid-Loiseau-5-1536x1117.jpg\",\"2048x2048\":\"https:\\\/\\\/kapelo.net\\\/wp-content\\\/uploads\\\/2026\\\/03\\\/Jean-Francois-Laid-Loiseau-5-2048x1489.jpg\",\"neve-blog\":\"https:\\\/\\\/kapelo.net\\\/wp-content\\\/uploads\\\/2026\\\/03\\\/Jean-Francois-Laid-Loiseau-5-930x620.jpg\",\"full\":\"https:\\\/\\\/kapelo.net\\\/wp-content\\\/uploads\\\/2026\\\/03\\\/Jean-Francois-Laid-Loiseau-5.jpg\",\"index\":5,\"id\":6476,\"video\":false,\"opts\":{\"caption\":\"\",\"thumb\":\"https:\\\/\\\/kapelo.net\\\/wp-content\\\/uploads\\\/2026\\\/03\\\/Jean-Francois-Laid-Loiseau-5-2048x1489-20x16_c.jpg\",\"title\":\"Jean Franc\u0327ois- Laid Loiseau 5\"},\"gallery_id\":\"6501\"}]' data-lightbox-theme='{&quot;arrows&quot;:1,&quot;margins&quot;:[100,0],&quot;gutter&quot;:&quot;50&quot;,&quot;base_template&quot;:&quot;&lt;div id=\\&quot;envirabox-6501\\&quot; data-envirabox-id=\\&quot;6501\\&quot; class=\\&quot;envirabox-container envirabox-theme-base envirabox-wrap\\&quot; role=\\&quot;dialog\\&quot;&gt;&lt;div class=\\&quot;envirabox-bg\\&quot;&gt;&lt;\\\/div&gt;&lt;div class=\\&quot;envirabox-outer\\&quot;&gt;&lt;div class=\\&quot;envirabox-inner\\&quot;&gt;&lt;div id=\\&quot;envirabox-buttons\\&quot; class=\\&quot;envirabox-infobar top\\&quot;&gt;&lt;ul&gt;&lt;li&gt;&lt;a data-envirabox-prev class=\\&quot;btnPrev\\&quot; title=\\&quot;Previous\\&quot; href=\\&quot;#\\&quot;&gt;&lt;\\\/a&gt;&lt;\\\/li&gt;&lt;li&gt;&lt;a data-envirabox-next class=\\&quot;btnNext\\&quot; title=\\&quot;Next\\&quot; href=\\&quot;#\\&quot;&gt;&lt;\\\/a&gt;&lt;\\\/li&gt;&lt;li&gt;&lt;a data-envirabox-close class=\\&quot;btnClose\\&quot; title=\\&quot;Close\\&quot; href=\\&quot;javascript:;\\&quot;&gt;&lt;\\\/a&gt;&lt;\\\/li&gt;&lt;\\\/ul&gt;&lt;\\\/div&gt;&lt;div class=\\&quot;envirabox-position-overlay envira-gallery-top-left\\&quot;&gt;&lt;\\\/div&gt;&lt;div class=\\&quot;envirabox-position-overlay envira-gallery-top-right\\&quot;&gt;&lt;\\\/div&gt;&lt;div class=\\&quot;envirabox-position-overlay envira-gallery-bottom-left\\&quot;&gt;&lt;\\\/div&gt;&lt;div class=\\&quot;envirabox-position-overlay envira-gallery-bottom-right\\&quot;&gt;&lt;\\\/div&gt;&lt;div class=\\&quot;envirabox-stage\\&quot;&gt;&lt;\\\/div&gt;&lt;\\\/div&gt;&lt;\\\/div&gt;&lt;\\\/div&gt;&quot;,&quot;load_all&quot;:false,&quot;error_template&quot;:&quot;&lt;div class=\\&quot;envirabox-error\\&quot;&gt;&lt;p&gt;{{ERROR}}&lt;p&gt;&lt;\\\/div&gt;&quot;,&quot;inner_caption&quot;:true,&quot;caption_position&quot;:&quot;inside&quot;,&quot;thumbs_position&quot;:&quot;bottom&quot;,&quot;arrow_position&quot;:&quot;inside&quot;,&quot;toolbar&quot;:false,&quot;infobar&quot;:true,&quot;show_smallbtn&quot;:true,&quot;idle_time&quot;:false,&quot;click_content&quot;:false,&quot;click_slide&quot;:false,&quot;click_outside&quot;:false,&quot;animation_duration&quot;:false,&quot;transition_duration&quot;:false,&quot;small_btn_template&quot;:&quot;&lt;a data-envirabox-close class=\\&quot;envirabox-item envirabox-close envirabox-button--close\\&quot; title=\\&quot;Close\\&quot; href=\\&quot;#\\&quot;&gt;&lt;\\\/a&gt;&quot;}' data-parsed-attrs='{\"id\":\"6501\",\"cache\":true}'><div id=\"envira-gallery-item-6300\" class=\"envira-gallery-item envira-gallery-item-1 envira-lazy-load\" style=\"padding-left: 5px; padding-bottom: 10px; padding-right: 5px;\"  itemscope itemtype=\"https:\/\/schema.org\/ImageObject\"><div class=\"envira-gallery-item-inner\"><div class=\"envira-gallery-position-overlay envira-gallery-top-left\"><\/div><div class=\"envira-gallery-position-overlay envira-gallery-top-right\"><\/div><div class=\"envira-gallery-position-overlay envira-gallery-bottom-left\"><\/div><div class=\"envira-gallery-position-overlay envira-gallery-bottom-right\"><\/div><a class=\"envira-gallery-6501 envira-gallery-link\" href=\"https:\/\/kapelo.net\/wp-content\/uploads\/2026\/03\/Jean-Francois-Laid-Loiseau-1-1-2048x1489.jpg\" title=\"Jean Franc\u0327ois &amp;#8211; Laid Loiseau 1\" data-caption=\"&lt;ul&gt;PAGE DE GARDE DE L&#039;&Eacute;DITION DES NOTES DE JEAN-FRAN&Ccedil;OIS DU GROUPE BYL.POUR LE PIRE ET LE MEILLEUR.CACHET DU COMMANDANT BYL, ALIAS POUR ARMAND COLLARD DE CHAMP DE HARRE. IL A &Eacute;T&Eacute; ARR&Ecirc;T&Eacute; EN 44, FUSILL&Eacute; &Agrave; LA CITADELLE DE LI&Egrave;GE SANS AVOIR PARLER.&lt;\/ul&gt;&lt;br \/&gt;\n&lt;br \/&gt;\n&lt;br \/&gt;\n\" data-envira-item-id=\"6300\" data-envira-retina=\"https:\/\/kapelo.net\/wp-content\/uploads\/2026\/03\/Jean-Francois-Laid-Loiseau-1-1-2048x1489.jpg\" data-thumb=\"https:\/\/kapelo.net\/wp-content\/uploads\/2026\/03\/Jean-Francois-Laid-Loiseau-1-1-20x16_c.jpg\" data-title=\"Jean Franc\u0327ois &amp;amp;#8211; Laid Loiseau 1\" data-envirabox='6501' itemprop=\"contentUrl\"><img loading=\"lazy\" decoding=\"async\" src=\"https:\/\/kapelo.net\/wp-content\/uploads\/2026\/03\/Jean-Francois-Laid-Loiseau-1-1-1536x1117.jpg\" alt=\"\" class=\"envira-gallery-image envira-gallery-image-1    envira-lazy\" height=\"100\" id=\"envira-gallery-image-6300\" srcset=\"data:image\/gif;base64,R0lGODlhAQABAIAAAP\/\/\/\/\/\/\/yH5BAEKAAEALAAAAAABAAEAAAICTAEAOw==\" tabindex=\"-1\" title=\"Jean Franc\u0327ois &#8211; Laid Loiseau 1\" width=\"150\" data-caption=\"&lt;ul&gt;PAGE DE GARDE DE L&#039;&Eacute;DITION DES NOTES DE JEAN-FRAN&Ccedil;OIS DU GROUPE BYL.POUR LE PIRE ET LE MEILLEUR.CACHET DU COMMANDANT BYL, ALIAS POUR ARMAND COLLARD DE CHAMP DE HARRE. IL A &Eacute;T&Eacute; ARR&Ecirc;T&Eacute; EN 44, FUSILL&Eacute; &Agrave; LA CITADELLE DE LI&Egrave;GE SANS AVOIR PARLER.&lt;\/ul&gt;&lt;br \/&gt;\n&lt;br \/&gt;\n&lt;br \/&gt;\n\" data-envira-gallery-id=\"6501\" data-envira-index=\"0\" data-envira-item-id=\"6300\" data-envira-src=\"https:\/\/kapelo.net\/wp-content\/uploads\/2026\/03\/Jean-Francois-Laid-Loiseau-1-1-1536x1117.jpg\" data-envira-srcset=\"https:\/\/kapelo.net\/wp-content\/uploads\/2026\/03\/Jean-Francois-Laid-Loiseau-1-1-1536x1117.jpg 400w, https:\/\/kapelo.net\/wp-content\/uploads\/2026\/03\/Jean-Francois-Laid-Loiseau-1-1-1536x1117.jpg 2x\" data-title=\"Jean Franc\u0327ois &amp;amp;#8211; Laid Loiseau 1\" itemprop=\"thumbnailUrl\"  data-envirabox=\"6501\" data-automatic-caption=\"\" data-envira-height=\"218\" data-envira-width=\"300\" \/><\/a><\/div><\/div><div id=\"envira-gallery-item-6305\" class=\"envira-gallery-item envira-gallery-item-2 envira-lazy-load\" style=\"padding-left: 5px; padding-bottom: 10px; padding-right: 5px;\"  itemscope itemtype=\"https:\/\/schema.org\/ImageObject\"><div class=\"envira-gallery-item-inner\"><div class=\"envira-gallery-position-overlay envira-gallery-top-left\"><\/div><div class=\"envira-gallery-position-overlay envira-gallery-top-right\"><\/div><div class=\"envira-gallery-position-overlay envira-gallery-bottom-left\"><\/div><div class=\"envira-gallery-position-overlay envira-gallery-bottom-right\"><\/div><a class=\"envira-gallery-6501 envira-gallery-link\" href=\"https:\/\/kapelo.net\/wp-content\/uploads\/2026\/03\/Jean-Francois-Laid-Loiseau-2-2048x1489.jpg\" title=\"Jean Franc\u0327ois- Laid Loiseau 2\" data-caption=\"&lt;ul&gt;UNE PAGE DOUBLE AVEC LE PLAN DE L&#039;ENGAGEMENT &Agrave; LAID L&#039;OISEA&lt;br \/&gt;\n\" data-envira-item-id=\"6305\" data-envira-retina=\"https:\/\/kapelo.net\/wp-content\/uploads\/2026\/03\/Jean-Francois-Laid-Loiseau-2-2048x1489.jpg\" data-thumb=\"https:\/\/kapelo.net\/wp-content\/uploads\/2026\/03\/Jean-Francois-Laid-Loiseau-2-20x16_c.jpg\" data-title=\"Jean Franc\u0327ois- Laid Loiseau 2\" data-envirabox='6501' itemprop=\"contentUrl\"><img loading=\"lazy\" decoding=\"async\" src=\"https:\/\/kapelo.net\/wp-content\/uploads\/2026\/03\/Jean-Francois-Laid-Loiseau-2-1536x1117.jpg\" alt=\"\" class=\"envira-gallery-image envira-gallery-image-2    envira-lazy\" height=\"100\" id=\"envira-gallery-image-6305\" srcset=\"data:image\/gif;base64,R0lGODlhAQABAIAAAP\/\/\/\/\/\/\/yH5BAEKAAEALAAAAAABAAEAAAICTAEAOw==\" tabindex=\"-1\" title=\"Jean Franc\u0327ois- Laid Loiseau 2\" width=\"150\" data-caption=\"&lt;ul&gt;UNE PAGE DOUBLE AVEC LE PLAN DE L&#039;ENGAGEMENT &Agrave; LAID L&#039;OISEA&lt;br \/&gt;\n\" data-envira-gallery-id=\"6501\" data-envira-index=\"1\" data-envira-item-id=\"6305\" data-envira-src=\"https:\/\/kapelo.net\/wp-content\/uploads\/2026\/03\/Jean-Francois-Laid-Loiseau-2-1536x1117.jpg\" data-envira-srcset=\"https:\/\/kapelo.net\/wp-content\/uploads\/2026\/03\/Jean-Francois-Laid-Loiseau-2-1536x1117.jpg 400w, https:\/\/kapelo.net\/wp-content\/uploads\/2026\/03\/Jean-Francois-Laid-Loiseau-2-1536x1117.jpg 2x\" data-title=\"Jean Franc\u0327ois- Laid Loiseau 2\" itemprop=\"thumbnailUrl\"  data-envirabox=\"6501\" data-automatic-caption=\"\" data-envira-height=\"218\" data-envira-width=\"300\" \/><\/a><\/div><\/div><div id=\"envira-gallery-item-6473\" class=\"envira-gallery-item envira-gallery-item-3 envira-lazy-load\" style=\"padding-left: 5px; padding-bottom: 10px; padding-right: 5px;\"  itemscope itemtype=\"https:\/\/schema.org\/ImageObject\"><div class=\"envira-gallery-item-inner\"><div class=\"envira-gallery-position-overlay envira-gallery-top-left\"><\/div><div class=\"envira-gallery-position-overlay envira-gallery-top-right\"><\/div><div class=\"envira-gallery-position-overlay envira-gallery-bottom-left\"><\/div><div class=\"envira-gallery-position-overlay envira-gallery-bottom-right\"><\/div><a class=\"envira-gallery-6501 envira-gallery-link\" href=\"https:\/\/kapelo.net\/wp-content\/uploads\/2026\/03\/plan-LAID-LOISEAU-legende-1.jpg\" title=\"plan LAID L&amp;#8217;OISEAU + le\u0301gende\" data-caption=\"\" data-envira-item-id=\"6473\" data-envira-retina=\"https:\/\/kapelo.net\/wp-content\/uploads\/2026\/03\/plan-LAID-LOISEAU-legende-1.jpg\" data-thumb=\"https:\/\/kapelo.net\/wp-content\/uploads\/2026\/03\/plan-LAID-LOISEAU-legende-1-20x16_c.jpg\" data-title=\"plan LAID L&amp;amp;#8217;OISEAU + le\u0301gende\" data-envirabox='6501' itemprop=\"contentUrl\"><img loading=\"lazy\" decoding=\"async\" src=\"https:\/\/kapelo.net\/wp-content\/uploads\/2026\/03\/plan-LAID-LOISEAU-legende-1.jpg\" alt=\"\" class=\"envira-gallery-image envira-gallery-image-3    envira-lazy\" height=\"100\" id=\"envira-gallery-image-6473\" srcset=\"data:image\/gif;base64,R0lGODlhAQABAIAAAP\/\/\/\/\/\/\/yH5BAEKAAEALAAAAAABAAEAAAICTAEAOw==\" tabindex=\"-1\" title=\"plan LAID L&#8217;OISEAU + le\u0301gende\" width=\"150\" data-caption=\"\" data-envira-gallery-id=\"6501\" data-envira-index=\"2\" data-envira-item-id=\"6473\" data-envira-src=\"https:\/\/kapelo.net\/wp-content\/uploads\/2026\/03\/plan-LAID-LOISEAU-legende-1.jpg\" data-envira-srcset=\"https:\/\/kapelo.net\/wp-content\/uploads\/2026\/03\/plan-LAID-LOISEAU-legende-1.jpg 400w, https:\/\/kapelo.net\/wp-content\/uploads\/2026\/03\/plan-LAID-LOISEAU-legende-1.jpg 2x\" data-title=\"plan LAID L&amp;amp;#8217;OISEAU + le\u0301gende\" itemprop=\"thumbnailUrl\"  data-envirabox=\"6501\" data-automatic-caption=\"\" data-envira-height=\"212\" data-envira-width=\"300\" \/><\/a><\/div><\/div><div id=\"envira-gallery-item-6474\" class=\"envira-gallery-item envira-gallery-item-4 envira-lazy-load\" style=\"padding-left: 5px; padding-bottom: 10px; padding-right: 5px;\"  itemscope itemtype=\"https:\/\/schema.org\/ImageObject\"><div class=\"envira-gallery-item-inner\"><div class=\"envira-gallery-position-overlay envira-gallery-top-left\"><\/div><div class=\"envira-gallery-position-overlay envira-gallery-top-right\"><\/div><div class=\"envira-gallery-position-overlay envira-gallery-bottom-left\"><\/div><div class=\"envira-gallery-position-overlay envira-gallery-bottom-right\"><\/div><a class=\"envira-gallery-6501 envira-gallery-link\" href=\"https:\/\/kapelo.net\/wp-content\/uploads\/2026\/03\/Jean-Francois-Laid-Loiseau-3-2048x1489.jpg\" title=\"Jean Franc\u0327ois- Laid Loiseau 3\" data-caption=\"\" data-envira-item-id=\"6474\" data-envira-retina=\"https:\/\/kapelo.net\/wp-content\/uploads\/2026\/03\/Jean-Francois-Laid-Loiseau-3-2048x1489.jpg\" data-thumb=\"https:\/\/kapelo.net\/wp-content\/uploads\/2026\/03\/Jean-Francois-Laid-Loiseau-3-20x16_c.jpg\" data-title=\"Jean Franc\u0327ois- Laid Loiseau 3\" data-envirabox='6501' itemprop=\"contentUrl\"><img loading=\"lazy\" decoding=\"async\" src=\"https:\/\/kapelo.net\/wp-content\/uploads\/2026\/03\/Jean-Francois-Laid-Loiseau-3-1536x1117.jpg\" alt=\"\" class=\"envira-gallery-image envira-gallery-image-4    envira-lazy\" height=\"100\" id=\"envira-gallery-image-6474\" srcset=\"data:image\/gif;base64,R0lGODlhAQABAIAAAP\/\/\/\/\/\/\/yH5BAEKAAEALAAAAAABAAEAAAICTAEAOw==\" tabindex=\"-1\" title=\"Jean Franc\u0327ois- Laid Loiseau 3\" width=\"150\" data-caption=\"\" data-envira-gallery-id=\"6501\" data-envira-index=\"3\" data-envira-item-id=\"6474\" data-envira-src=\"https:\/\/kapelo.net\/wp-content\/uploads\/2026\/03\/Jean-Francois-Laid-Loiseau-3-1536x1117.jpg\" data-envira-srcset=\"https:\/\/kapelo.net\/wp-content\/uploads\/2026\/03\/Jean-Francois-Laid-Loiseau-3-1536x1117.jpg 400w, https:\/\/kapelo.net\/wp-content\/uploads\/2026\/03\/Jean-Francois-Laid-Loiseau-3-1536x1117.jpg 2x\" data-title=\"Jean Franc\u0327ois- Laid Loiseau 3\" itemprop=\"thumbnailUrl\"  data-envirabox=\"6501\" data-automatic-caption=\"\" data-envira-height=\"218\" data-envira-width=\"300\" \/><\/a><\/div><\/div><div id=\"envira-gallery-item-6475\" class=\"envira-gallery-item envira-gallery-item-5 envira-lazy-load\" style=\"padding-left: 5px; padding-bottom: 10px; padding-right: 5px;\"  itemscope itemtype=\"https:\/\/schema.org\/ImageObject\"><div class=\"envira-gallery-item-inner\"><div class=\"envira-gallery-position-overlay envira-gallery-top-left\"><\/div><div class=\"envira-gallery-position-overlay envira-gallery-top-right\"><\/div><div class=\"envira-gallery-position-overlay envira-gallery-bottom-left\"><\/div><div class=\"envira-gallery-position-overlay envira-gallery-bottom-right\"><\/div><a class=\"envira-gallery-6501 envira-gallery-link\" href=\"https:\/\/kapelo.net\/wp-content\/uploads\/2026\/03\/Jean-Francois-Laid-loiseau-4-2048x1489.jpg\" title=\"Jean Franc\u0327ois- Laid loiseau 4\" data-caption=\"\" data-envira-item-id=\"6475\" data-envira-retina=\"https:\/\/kapelo.net\/wp-content\/uploads\/2026\/03\/Jean-Francois-Laid-loiseau-4-2048x1489.jpg\" data-thumb=\"https:\/\/kapelo.net\/wp-content\/uploads\/2026\/03\/Jean-Francois-Laid-loiseau-4-20x16_c.jpg\" data-title=\"Jean Franc\u0327ois- Laid loiseau 4\" data-envirabox='6501' itemprop=\"contentUrl\"><img loading=\"lazy\" decoding=\"async\" src=\"https:\/\/kapelo.net\/wp-content\/uploads\/2026\/03\/Jean-Francois-Laid-loiseau-4-1536x1117.jpg\" alt=\"\" class=\"envira-gallery-image envira-gallery-image-5    envira-lazy\" height=\"100\" id=\"envira-gallery-image-6475\" srcset=\"data:image\/gif;base64,R0lGODlhAQABAIAAAP\/\/\/\/\/\/\/yH5BAEKAAEALAAAAAABAAEAAAICTAEAOw==\" tabindex=\"-1\" title=\"Jean Franc\u0327ois- Laid loiseau 4\" width=\"150\" data-caption=\"\" data-envira-gallery-id=\"6501\" data-envira-index=\"4\" data-envira-item-id=\"6475\" data-envira-src=\"https:\/\/kapelo.net\/wp-content\/uploads\/2026\/03\/Jean-Francois-Laid-loiseau-4-1536x1117.jpg\" data-envira-srcset=\"https:\/\/kapelo.net\/wp-content\/uploads\/2026\/03\/Jean-Francois-Laid-loiseau-4-1536x1117.jpg 400w, https:\/\/kapelo.net\/wp-content\/uploads\/2026\/03\/Jean-Francois-Laid-loiseau-4-1536x1117.jpg 2x\" data-title=\"Jean Franc\u0327ois- Laid loiseau 4\" itemprop=\"thumbnailUrl\"  data-envirabox=\"6501\" data-automatic-caption=\"\" data-envira-height=\"218\" data-envira-width=\"300\" \/><\/a><\/div><\/div><div id=\"envira-gallery-item-6476\" class=\"envira-gallery-item envira-gallery-item-6 envira-lazy-load\" style=\"padding-left: 5px; padding-bottom: 10px; padding-right: 5px;\"  itemscope itemtype=\"https:\/\/schema.org\/ImageObject\"><div class=\"envira-gallery-item-inner\"><div class=\"envira-gallery-position-overlay envira-gallery-top-left\"><\/div><div class=\"envira-gallery-position-overlay envira-gallery-top-right\"><\/div><div class=\"envira-gallery-position-overlay envira-gallery-bottom-left\"><\/div><div class=\"envira-gallery-position-overlay envira-gallery-bottom-right\"><\/div><a class=\"envira-gallery-6501 envira-gallery-link\" href=\"https:\/\/kapelo.net\/wp-content\/uploads\/2026\/03\/Jean-Francois-Laid-Loiseau-5-2048x1489.jpg\" title=\"Jean Franc\u0327ois- Laid Loiseau 5\" data-caption=\"\" data-envira-item-id=\"6476\" data-envira-retina=\"https:\/\/kapelo.net\/wp-content\/uploads\/2026\/03\/Jean-Francois-Laid-Loiseau-5-2048x1489.jpg\" data-thumb=\"https:\/\/kapelo.net\/wp-content\/uploads\/2026\/03\/Jean-Francois-Laid-Loiseau-5-20x16_c.jpg\" data-title=\"Jean Franc\u0327ois- Laid Loiseau 5\" data-envirabox='6501' itemprop=\"contentUrl\"><img loading=\"lazy\" decoding=\"async\" src=\"https:\/\/kapelo.net\/wp-content\/uploads\/2026\/03\/Jean-Francois-Laid-Loiseau-5-1536x1117.jpg\" alt=\"\" class=\"envira-gallery-image envira-gallery-image-6    envira-lazy\" height=\"100\" id=\"envira-gallery-image-6476\" srcset=\"data:image\/gif;base64,R0lGODlhAQABAIAAAP\/\/\/\/\/\/\/yH5BAEKAAEALAAAAAABAAEAAAICTAEAOw==\" tabindex=\"-1\" title=\"Jean Franc\u0327ois- Laid Loiseau 5\" width=\"150\" data-caption=\"\" data-envira-gallery-id=\"6501\" data-envira-index=\"5\" data-envira-item-id=\"6476\" data-envira-src=\"https:\/\/kapelo.net\/wp-content\/uploads\/2026\/03\/Jean-Francois-Laid-Loiseau-5-1536x1117.jpg\" data-envira-srcset=\"https:\/\/kapelo.net\/wp-content\/uploads\/2026\/03\/Jean-Francois-Laid-Loiseau-5-1536x1117.jpg 400w, https:\/\/kapelo.net\/wp-content\/uploads\/2026\/03\/Jean-Francois-Laid-Loiseau-5-1536x1117.jpg 2x\" data-title=\"Jean Franc\u0327ois- Laid Loiseau 5\" itemprop=\"thumbnailUrl\"  data-envirabox=\"6501\" data-automatic-caption=\"\" data-envira-height=\"218\" data-envira-width=\"300\" \/><\/a><\/div><\/div><\/div><\/div><noscript><img src='https:\/\/kapelo.net\/wp-content\/uploads\/2026\/03\/Jean-Francois-Laid-Loiseau-1-1.jpg' alt='' class='envira_noscript_images ' \/><img src='https:\/\/kapelo.net\/wp-content\/uploads\/2026\/03\/Jean-Francois-Laid-Loiseau-2.jpg' alt='' class='envira_noscript_images ' \/><img src='https:\/\/kapelo.net\/wp-content\/uploads\/2026\/03\/plan-LAID-LOISEAU-legende-1.jpg' alt='' class='envira_noscript_images ' \/><img src='https:\/\/kapelo.net\/wp-content\/uploads\/2026\/03\/Jean-Francois-Laid-Loiseau-3.jpg' alt='' class='envira_noscript_images ' \/><img src='https:\/\/kapelo.net\/wp-content\/uploads\/2026\/03\/Jean-Francois-Laid-loiseau-4.jpg' alt='' class='envira_noscript_images ' \/><img src='https:\/\/kapelo.net\/wp-content\/uploads\/2026\/03\/Jean-Francois-Laid-Loiseau-5.jpg' alt='' class='envira_noscript_images ' \/><\/noscript>\n<\/div><\/div>\n\n\n\n<p class=\"wp-block-paragraph\"><\/p>\n","protected":false},"excerpt":{"rendered":"<p>R\u00c9CIT DE L&#8217;EMBUSCADE DE LAID L&#8217;OISEAU \u00c9CRIT par FRAN\u00c7OIS SIMON R\u00c9SISTANT (1) (1) Contribution \u00e0 l\u2019histoire de l\u2019arm\u00e9e secr\u00e8te &#8211; Alfred Dubru &#8211; Arlon- 1984 &#8211; pp 63-64. \u00ab&nbsp;Nous sommes install\u00e9s dans une ferme isol\u00e9e en plein c\u0153ur du Bois de Harre&nbsp;; celle-ci est au lieu-dit L\u2019heid l\u2019oiseau (sic). Tous les hommes valides sont partis&hellip;&nbsp;<\/p>\n","protected":false},"author":1,"featured_media":0,"parent":0,"menu_order":0,"comment_status":"closed","ping_status":"closed","template":"","meta":{"_crdt_document":"","_uag_custom_page_level_css":"","neve_meta_sidebar":"","neve_meta_container":"","neve_meta_enable_content_width":"","neve_meta_content_width":0,"neve_meta_title_alignment":"","neve_meta_author_avatar":"","neve_post_elements_order":"","neve_meta_disable_header":"","neve_meta_disable_footer":"","neve_meta_disable_title":"","ngg_post_thumbnail":0,"_themeisle_gutenberg_block_has_review":false,"footnotes":""},"class_list":["post-6203","page","type-page","status-publish","hentry"],"uagb_featured_image_src":{"full":false,"thumbnail":false,"medium":false,"medium_large":false,"large":false,"1536x1536":false,"2048x2048":false,"neve-blog":false},"uagb_author_info":{"display_name":"KAPbonma","author_link":"https:\/\/kapelo.net\/index.php\/author\/kapbonma\/"},"uagb_comment_info":0,"uagb_excerpt":"R\u00c9CIT DE L&#8217;EMBUSCADE DE LAID L&#8217;OISEAU \u00c9CRIT par FRAN\u00c7OIS SIMON R\u00c9SISTANT (1) (1) Contribution \u00e0 l\u2019histoire de l\u2019arm\u00e9e secr\u00e8te &#8211; Alfred Dubru &#8211; Arlon- 1984 &#8211; pp 63-64. \u00ab&nbsp;Nous sommes install\u00e9s dans une ferme isol\u00e9e en plein c\u0153ur du Bois de Harre&nbsp;; celle-ci est au lieu-dit L\u2019heid l\u2019oiseau (sic). Tous les hommes valides sont partis&hellip;&nbsp;","_links":{"self":[{"href":"https:\/\/kapelo.net\/index.php\/wp-json\/wp\/v2\/pages\/6203","targetHints":{"allow":["GET"]}}],"collection":[{"href":"https:\/\/kapelo.net\/index.php\/wp-json\/wp\/v2\/pages"}],"about":[{"href":"https:\/\/kapelo.net\/index.php\/wp-json\/wp\/v2\/types\/page"}],"author":[{"embeddable":true,"href":"https:\/\/kapelo.net\/index.php\/wp-json\/wp\/v2\/users\/1"}],"replies":[{"embeddable":true,"href":"https:\/\/kapelo.net\/index.php\/wp-json\/wp\/v2\/comments?post=6203"}],"version-history":[{"count":76,"href":"https:\/\/kapelo.net\/index.php\/wp-json\/wp\/v2\/pages\/6203\/revisions"}],"predecessor-version":[{"id":6603,"href":"https:\/\/kapelo.net\/index.php\/wp-json\/wp\/v2\/pages\/6203\/revisions\/6603"}],"wp:attachment":[{"href":"https:\/\/kapelo.net\/index.php\/wp-json\/wp\/v2\/media?parent=6203"}],"curies":[{"name":"wp","href":"https:\/\/api.w.org\/{rel}","templated":true}]}}