{"id":5041,"date":"2026-03-12T10:46:40","date_gmt":"2026-03-12T09:46:40","guid":{"rendered":"https:\/\/kapelo.net\/?page_id=5041"},"modified":"2026-03-28T19:38:50","modified_gmt":"2026-03-28T18:38:50","slug":"recit-dun-ccondamne","status":"publish","type":"page","link":"https:\/\/kapelo.net\/index.php\/recit-dun-ccondamne\/","title":{"rendered":"AA -R\u00c9CIT D&#8217;UN CONDAMN\u00c9 1*22"},"content":{"rendered":"\n<div class=\"wp-block-uagb-container uagb-block-ad61df42 alignfull uagb-is-root-container\"><div class=\"uagb-container-inner-blocks-wrap\">\n<div class=\"wp-block-columns is-layout-flex wp-container-core-columns-is-layout-8f761849 wp-block-columns-is-layout-flex\">\n<div class=\"wp-block-column is-layout-flow wp-block-column-is-layout-flow\">\n<p class=\"wp-block-paragraph\" style=\"font-size:20px\">R\u00c9CIT D&#8217;UN CONDAMN\u00c9 p.1<\/p>\n<\/div>\n\n\n\n<div class=\"wp-block-column is-layout-flow wp-block-column-is-layout-flow\"><\/div>\n\n\n\n<div class=\"wp-block-column is-layout-flow wp-block-column-is-layout-flow\">\n<p class=\"has-nv-text-dark-bg-color has-text-color has-link-color wp-elements-15965cfd16d7182d0c2c31aa1e6e21c5 wp-block-paragraph\" style=\"font-size:18px\"><strong>liste des pages : <a href=\"https:\/\/kapelo.net\/index.php\/recit-dun-ccondamne\/\" data-type=\"link\" data-id=\"https:\/\/kapelo.net\/index.php\/recit-dun-ccondamne\/\">page 1<\/a>  <a href=\"https:\/\/kapelo.net\/index.php\/aa-recit-dun-condamne2\/\" data-type=\"link\" data-id=\"https:\/\/kapelo.net\/index.php\/aa-recit-dun-condamne2\/\">page 2<\/a>  <a href=\"https:\/\/kapelo.net\/index.php\/aa-recit-dun-condamne-3\/\" data-type=\"link\" data-id=\"https:\/\/kapelo.net\/index.php\/aa-recit-dun-condamne-3\/\">page 3<\/a><\/strong><\/p>\n<\/div>\n<\/div>\n<\/div><\/div>\n\n\n\n<div class=\"wp-block-uagb-container uagb-block-74253398 alignfull uagb-is-root-container\"><div class=\"uagb-container-inner-blocks-wrap\">\n<div class=\"wp-block-columns is-layout-flex wp-container-core-columns-is-layout-8f761849 wp-block-columns-is-layout-flex\">\n<div class=\"wp-block-column is-layout-flow wp-block-column-is-layout-flow\">\n<div class=\"wp-block-uagb-image uagb-block-2a7147bb wp-block-uagb-image--layout-default wp-block-uagb-image--effect-static wp-block-uagb-image--align-none\"><figure class=\"wp-block-uagb-image__figure\"><img decoding=\"async\" srcset=\"https:\/\/kapelo.net\/wp-content\/uploads\/2026\/03\/WhatsApp-Image-2026-03-14-at-19.33.44-1024x768.jpeg ,https:\/\/kapelo.net\/wp-content\/uploads\/2026\/03\/WhatsApp-Image-2026-03-14-at-19.33.44.jpeg 780w, https:\/\/kapelo.net\/wp-content\/uploads\/2026\/03\/WhatsApp-Image-2026-03-14-at-19.33.44.jpeg 360w\" sizes=\"auto, (max-width: 480px) 150px\" src=\"https:\/\/kapelo.net\/wp-content\/uploads\/2026\/03\/WhatsApp-Image-2026-03-14-at-19.33.44-1024x768.jpeg\" alt=\"\" class=\"uag-image-5707\" width=\"1024\" height=\"768\" title=\"WhatsApp Image 2026-03-14 at 19.33.44\" loading=\"lazy\" role=\"img\"\/><\/figure><\/div>\n<\/div>\n\n\n\n<div class=\"wp-block-column is-layout-flow wp-block-column-is-layout-flow\">\n<div class=\"wp-block-columns is-layout-flex wp-container-core-columns-is-layout-8f761849 wp-block-columns-is-layout-flex\">\n<div class=\"wp-block-column is-layout-flow wp-block-column-is-layout-flow\">\n<p class=\"wp-block-paragraph\">Jacques Coibion, un des grands r\u00e9sistants de la r\u00e9gion<\/p>\n\n\n\n<p class=\"wp-block-paragraph\">R\u00e9sistant de l&#8217;ombre &#8220;qui ne s&#8217;affiche pas&#8221;<\/p>\n\n\n\n<p class=\"wp-block-paragraph\">Voici le r\u00e9cit que son fils, Victor a bien voulu nous confier selon ses documents, ses souvenirs grav\u00e9s dans sa m\u00e9moire, exprim\u00e9s avec \u00e9motion contenue et humble fiert\u00e9.<\/p>\n\n\n\n<p class=\"wp-block-paragraph\">Jacques Coibion est n\u00e9 en 1913 \u00e0 Petite Hoursinne.<\/p>\n<\/div>\n\n\n\n<div class=\"wp-block-column is-layout-flow wp-block-column-is-layout-flow\">\n<div class=\"wp-block-uagb-image uagb-block-0364f65a wp-block-uagb-image--layout-default wp-block-uagb-image--effect-static wp-block-uagb-image--align-none\"><figure class=\"wp-block-uagb-image__figure\"><img decoding=\"async\" srcset=\"https:\/\/kapelo.net\/wp-content\/uploads\/2026\/03\/JACQUES-COIBION-650x1024.jpg ,https:\/\/kapelo.net\/wp-content\/uploads\/2026\/03\/JACQUES-COIBION-scaled.jpg 780w, https:\/\/kapelo.net\/wp-content\/uploads\/2026\/03\/JACQUES-COIBION-scaled.jpg 360w\" sizes=\"auto, (max-width: 480px) 150px\" src=\"https:\/\/kapelo.net\/wp-content\/uploads\/2026\/03\/JACQUES-COIBION-650x1024.jpg\" alt=\"\" class=\"uag-image-6516\" width=\"650\" height=\"1024\" title=\"JACQUES COIBION++\" loading=\"lazy\" role=\"img\"\/><\/figure><\/div>\n<\/div>\n<\/div>\n<\/div>\n<\/div>\n<\/div><\/div>\n\n\n\n<div class=\"wp-block-uagb-container uagb-block-449a0c9c alignfull uagb-is-root-container\"><div class=\"uagb-container-inner-blocks-wrap\">\n<p class=\"wp-block-paragraph\">R\u00c9CIt DE VICTOR COIBION, <\/p>\n\n\n\n<p class=\"wp-block-paragraph\">PETITE HOURSINNE, un hameau au fond des bois<br>La maison familiale est une petite ferme ardennaise comme il en existait dans la r\u00e9gion pour une agriculture adapt\u00e9e \u00e0 la r\u00e9gion, une &#8220;\u00e9cologique&#8221; naturelle. Elle a \u00e9t\u00e9 construite en pierre du pays, le gr\u00e8s, extrait des petites carri\u00e8res dispers\u00e9es dans les bois. Elle pr\u00e9sente sur sa fa\u00e7ade les trois composants traditionnelles : une aire de grange la &#8220;bat\u00eere&#8221; pour les outils, un des quelques ballots de foin, &#8211; o\u00f9 est encore rang\u00e9 actuellement le vieux tracteur en ordre de marche -, la porte de l&#8217;\u00e9table et puis celle de logis. Un noyer a \u00e9t\u00e9 plant\u00e9 sur le c\u00f4t\u00e9, il avait dix ans en 1945 lors de l&#8217;offensive des Ardennes.<br>Derri\u00e8re la ferme les prairies descendent en pentes douces vers les collines bois\u00e9es du Mosai, du de Villers et vers le plateau dit &#8220;Sur les cours&#8221;. En face, apr\u00e8s la route en cul de sac qui se termine dans la for\u00eat vers Ch\u00eane-Al-Pierre, de petites prairies et puis c&#8217;est le grand &#8220;Bois du pays&#8221; en direction de Grand-Menil et Manhay.<br>Comme la plupart des villageois Jacques travaillait \u00e0 sa ferme avec son \u00e9pouse et en arri\u00e8re-saison principalement il se rendait dans les bois pour \u00e9claircir la sapini\u00e8re ou pour &#8220;faire du bois&#8221; de chauffage. L&#8217;Ardenne \u00e9tait encore l&#8217;Ardenne simple et vivante \u00e0 cette \u00e9poque.<\/p>\n<\/div><\/div>\n\n\n\n<div class=\"wp-block-uagb-container uagb-block-1aedf701 alignfull uagb-is-root-container\"><div class=\"uagb-container-inner-blocks-wrap\">\n<div class=\"wp-block-uagb-container uagb-block-44c193e4\">\n<div class=\"wp-block-stackable-text stk-block-text stk-block stk-f5a60e3\" data-block-id=\"f5a60e3\"><style>.stk-f5a60e3 .stk-block-text__text{font-size:var(--stk--preset--font-size--medium, 20px) !important;}@media screen and (max-width: 1023px){.stk-f5a60e3 .stk-block-text__text{font-size:var(--stk--preset--font-size--medium, 20px) !important;}}<\/style><p class=\"stk-block-text__text\">10 mai 1940. La campagne des dix jours<\/p><\/div>\n\n\n\n<p class=\"wp-block-paragraph\">La &#8220;grande guerre&#8221;-est-ce qu&#8217;une guerre peut \u00eatre grande- est en Belgique annon\u00e7ant \u00e0 force de canons et bruits la terreur et le d\u00e9sastre. L&#8217;arm\u00e9e belge est engag\u00e9e. Jacques est mobilis\u00e9 comme chauffeur dans la 3e compagnie du 3e r\u00e9giment des Chasseurs Ardennais en caserne \u00e0 Vielsalm. Il fait partie des soldats en position de d\u00e9fense \u00e0 Chabrehez lorsque les panzers de Rommel venant des Tailles progressent avec force et rapidit\u00e9 pour traverser l&#8217;Ourthe et ensuite la Meuse \u00e0 Dinant.<br>Les Chasseurs Ardennais sont de bons soldats, parmi les mieux pr\u00e9par\u00e9s aux combats dans l&#8217;arm\u00e9e des rappel\u00e9s. La r\u00e9sistance est dure mais solide dans le fortin et les foss\u00e9s antichars. Malgr\u00e9 le courage, la d\u00e9termination et faute de munitions, les d\u00e9fenseurs sont encercl\u00e9s : Ils doivent abandonner. Il est 21 heures. Le combat a commenc\u00e9 tr\u00e8s t\u00f4t au matin. Plusieurs morts restent sur le terrain. La Panzerdivision n&#8217;atteindra pas l&#8217;Ourthe ce jour-l\u00e0.<\/p>\n\n\n\n<p class=\"wp-block-paragraph\"><\/p>\n\n\n\n<p class=\"wp-block-paragraph\">Voir le site : www.fraternellechasseursardennais.be\/chabrehez\/chabrehez.<\/p>\n<\/div>\n\n\n\n<div class=\"wp-block-uagb-container uagb-block-5c282dd1\">\n<p class=\"wp-block-paragraph\">Au lendemain du combat comment Jacques se retrouve-t-il \u00e0 Aywaille aidant deux compagnons gri\u00e8vement bless\u00e9s l&#8217;un \u00e0 l&#8217;abdomen et l&#8217;autre aux jambes et qui seront finalement soign\u00e9s par les services de l&#8217;arm\u00e9e allemande. Le pont sur l&#8217;Ambl\u00e8ve a saut\u00e9, seuls les pi\u00e9tons peuvent traverser la rivi\u00e8re. Ces compagnons de combat ne sont pas tol\u00e9r\u00e9s par la population atterr\u00e9e. Ils doivent partir. Apr\u00e8s la guerre les deux bless\u00e9s se souvenant de ces moments tragiques viendront \u00e0 Hoursinne pour exprimer \u00e0 Jacques leur forte gratitude.<\/p>\n\n\n\n<p class=\"wp-block-paragraph\">La situation est pour confuse apr\u00e8s cette campagne des 10 jours.\u2028Jacques a rejoint quelques soldats \u00e9gar\u00e9s, d\u00e9sarm\u00e9s, incertains de leur avenir. Par hasard ils rejoignent en compagnie d&#8217;un officier l&#8217;arm\u00e9e fran\u00e7aise elle aussi en d\u00e9bandade. On se trouvent en Normandie o\u00f9 la population les appellent &#8220;les boches du Nord&#8221;. Confiance et solidarit\u00e9 dominent !<br>On remonte vers la Belgique pour se faire prisonniers des l&#8217;arm\u00e9e allemande. Jacques travaille sur un terrain d&#8217;aviation quelque part dans le Nord de la France. Comme il a \u00e9t\u00e9 d\u00e9mobilis\u00e9 de force par l&#8217;arm\u00e9e belge, il est consid\u00e9r\u00e9 comme d\u00e9serteurs par les Allemands et ainsi &#8220;lib\u00e9r\u00e9&#8221;; Il peut alors rentrer vivre dans son village.<\/p>\n<\/div>\n<\/div><\/div>\n\n\n\n<div class=\"wp-block-uagb-container uagb-block-fbdd01c3 alignfull uagb-is-root-container\"><div class=\"uagb-container-inner-blocks-wrap\">\n<div class=\"wp-block-uagb-container uagb-block-46f95f58\">\n<p class=\"wp-block-paragraph\">CARTE D&#8217;INDENTIT\u00c9   RECONDITIONN\u00c9E POUR LA R\u00c9SISTANCE  \/ Jacques s&#8217;est fait appel\u00e9 LEJEUNE Alphonse, n\u00e9 \u00e0 Marche<\/p>\n\n\n\n<figure class=\"wp-block-image size-large\"><img loading=\"lazy\" decoding=\"async\" width=\"1024\" height=\"621\" src=\"https:\/\/kapelo.net\/wp-content\/uploads\/2026\/03\/Carte-ID-esneux-1024x621.jpg\" alt=\"\" class=\"wp-image-6285\" srcset=\"https:\/\/kapelo.net\/wp-content\/uploads\/2026\/03\/Carte-ID-esneux-1024x621.jpg 1024w, https:\/\/kapelo.net\/wp-content\/uploads\/2026\/03\/Carte-ID-esneux-300x182.jpg 300w, https:\/\/kapelo.net\/wp-content\/uploads\/2026\/03\/Carte-ID-esneux-768x466.jpg 768w, https:\/\/kapelo.net\/wp-content\/uploads\/2026\/03\/Carte-ID-esneux-1536x932.jpg 1536w, https:\/\/kapelo.net\/wp-content\/uploads\/2026\/03\/Carte-ID-esneux.jpg 1600w\" sizes=\"auto, (max-width: 1024px) 100vw, 1024px\" \/><\/figure>\n<\/div>\n<\/div><\/div>\n\n\n\n<p class=\"wp-block-paragraph\"><a href=\"https:\/\/kapelo.net\/index.php\/aa-recit-dun-condamne2\/\" data-type=\"page\" data-id=\"5096\">LIRE LA SUITE<\/a><\/p>\n\n\n\n<p class=\"wp-block-paragraph\"><\/p>\n","protected":false},"excerpt":{"rendered":"<p>R\u00c9CIT D&#8217;UN CONDAMN\u00c9 p.1 liste des pages : page 1 page 2 page 3 Jacques Coibion, un des grands r\u00e9sistants de la r\u00e9gion R\u00e9sistant de l&#8217;ombre &#8220;qui ne s&#8217;affiche pas&#8221; Voici le r\u00e9cit que son fils, Victor a bien voulu nous confier selon ses documents, ses souvenirs grav\u00e9s dans sa m\u00e9moire, exprim\u00e9s avec \u00e9motion contenue&hellip;&nbsp;<\/p>\n","protected":false},"author":1,"featured_media":0,"parent":0,"menu_order":0,"comment_status":"closed","ping_status":"closed","template":"","meta":{"_crdt_document":"","_uag_custom_page_level_css":"","neve_meta_sidebar":"","neve_meta_container":"","neve_meta_enable_content_width":"","neve_meta_content_width":0,"neve_meta_title_alignment":"","neve_meta_author_avatar":"","neve_post_elements_order":"","neve_meta_disable_header":"","neve_meta_disable_footer":"","neve_meta_disable_title":"","ngg_post_thumbnail":0,"_themeisle_gutenberg_block_has_review":false,"footnotes":""},"class_list":["post-5041","page","type-page","status-publish","hentry"],"uagb_featured_image_src":{"full":false,"thumbnail":false,"medium":false,"medium_large":false,"large":false,"1536x1536":false,"2048x2048":false,"neve-blog":false},"uagb_author_info":{"display_name":"KAPbonma","author_link":"https:\/\/kapelo.net\/index.php\/author\/kapbonma\/"},"uagb_comment_info":0,"uagb_excerpt":"R\u00c9CIT D&#8217;UN CONDAMN\u00c9 p.1 liste des pages : page 1 page 2 page 3 Jacques Coibion, un des grands r\u00e9sistants de la r\u00e9gion R\u00e9sistant de l&#8217;ombre &#8220;qui ne s&#8217;affiche pas&#8221; Voici le r\u00e9cit que son fils, Victor a bien voulu nous confier selon ses documents, ses souvenirs grav\u00e9s dans sa m\u00e9moire, exprim\u00e9s avec \u00e9motion contenue&hellip;&nbsp;","_links":{"self":[{"href":"https:\/\/kapelo.net\/index.php\/wp-json\/wp\/v2\/pages\/5041","targetHints":{"allow":["GET"]}}],"collection":[{"href":"https:\/\/kapelo.net\/index.php\/wp-json\/wp\/v2\/pages"}],"about":[{"href":"https:\/\/kapelo.net\/index.php\/wp-json\/wp\/v2\/types\/page"}],"author":[{"embeddable":true,"href":"https:\/\/kapelo.net\/index.php\/wp-json\/wp\/v2\/users\/1"}],"replies":[{"embeddable":true,"href":"https:\/\/kapelo.net\/index.php\/wp-json\/wp\/v2\/comments?post=5041"}],"version-history":[{"count":89,"href":"https:\/\/kapelo.net\/index.php\/wp-json\/wp\/v2\/pages\/5041\/revisions"}],"predecessor-version":[{"id":6613,"href":"https:\/\/kapelo.net\/index.php\/wp-json\/wp\/v2\/pages\/5041\/revisions\/6613"}],"wp:attachment":[{"href":"https:\/\/kapelo.net\/index.php\/wp-json\/wp\/v2\/media?parent=5041"}],"curies":[{"name":"wp","href":"https:\/\/api.w.org\/{rel}","templated":true}]}}